{"id":3315,"date":"2018-04-27T12:52:51","date_gmt":"2018-04-27T10:52:51","guid":{"rendered":"http:\/\/msz.k-k.pl\/medyk\/?page_id=3315"},"modified":"2025-03-19T12:07:32","modified_gmt":"2025-03-19T11:07:32","slug":"terapeuta-zajeciowy","status":"publish","type":"page","link":"https:\/\/msz.k-k.pl\/medyk\/terapeuta-zajeciowy\/","title":{"rendered":"Terapeuta zaj\u0119ciowy"},"content":{"rendered":"<div class=\"vce-row-container\" data-vce-boxed-width=\"true\"><div class=\"vce-row vce-row--col-gap-30 vce-row-equal-height vce-row-content--top\" id=\"el-4e4e331a\" data-vce-do-apply=\"all el-4e4e331a\"><div class=\"vce-row-content\" data-vce-element-content=\"true\"><div class=\"vce-col vce-col--md-auto vce-col--xs-1 vce-col--xs-last vce-col--xs-first vce-col--sm-last vce-col--sm-first vce-col--md-last vce-col--lg-last vce-col--xl-last vce-col--md-first vce-col--lg-first vce-col--xl-first\" id=\"el-2455c366\"><div class=\"vce-col-inner\" data-vce-do-apply=\"border margin background  el-2455c366\"><div class=\"vce-col-content\" data-vce-element-content=\"true\" data-vce-do-apply=\"padding el-2455c366\"><div class=\"vce-text-block\"><div class=\"vce-text-block-wrapper vce\" id=\"el-b7da3f58\" data-vce-do-apply=\"all el-b7da3f58\"><h2 class=\"menu-l-head\">System kszta\u0142cenia stacjonarny<\/h2><h4 class=\"menu-l-head\"><strong>TERAPEUTA ZAJ\u0118CIOWY<\/strong><\/h4><p>Rola zawodowa terapeuty zaj\u0119ciowego polega na prowadzeniu r\u00f3\u017cnych form terapii zaj\u0119ciowej maj\u0105cych na celu rehabilitacj\u0119 i resocjalizacj\u0119 os\u00f3b z r\u00f3\u017cnymi potrzebami i&nbsp;schorzeniami.<br>Je\u017celi jeste\u015b osob\u0105 otwart\u0105, empatyczn\u0105 i ciep\u0142\u0105 w kontaktach z innymi lud\u017ami oraz posiadasz dar spokoju i cierpliwo\u015bci w codziennej pracy to jest to zaw\u00f3d dla Ciebie! Je\u017celi dodatkowo lubisz \u201eprace r\u0119czne\u201d to w zasadzie nie powiniene\u015b si\u0119 wi\u0119cej zastanawia\u0107. Nauka na tym kierunku przygotuje Ci\u0119 przede wszystkim do pracy z lud\u017ami chorymi, zar\u00f3wno dzie\u0107mi, jak i doros\u0142ymi \u2013 jako element rehabilitacji oraz do pracy z Seniorami \u2013 jako alternatywa do samotnego prze\u017cywania pi\u0119knego okresu starzenia si\u0119.<\/p><p><strong>Nauczysz si\u0119 mi\u0119dzy innymi:<\/strong><\/p><ul><li>nawi\u0105zywania i podtrzymywania kontaktu terapeutycznego z podopiecznym, jego rodzin\u0105, \u015brodowiskiem i zespo\u0142em aktywizuj\u0105co \u2013 terapeutycznym,<\/li><li>rozpoznawania i diagnozowania potrzeb bio-psycho- spo\u0142ecznych podopiecznego,<\/li><li>planowania indywidualnego i grupowego programu dzia\u0142a\u0144 terapeutycznych, uwzgl\u0119dniaj\u0105cych diagnoz\u0119 oraz mo\u017cliwo\u015bci, potrzeby i zainteresowania podopiecznego,<\/li><li>organizowania dzia\u0142a\u0144 w zakresie terapii zaj\u0119ciowej w celu poprawy funkcjonowania fizycznego, psychicznego i spo\u0142ecznego podopiecznego oraz jego integracji spo\u0142ecznej i zawodowej,<\/li><li>dokumentowania, monitorowania i oceniania przebiegu procesu terapeutycznego,<\/li><li>prowadzenia w\u0142asnej dzia\u0142alno\u015bci gospodarczej.<\/li><\/ul><p><strong>Czas trwania nauki<\/strong> - 2 lata (4 semestry)<br><strong>Zaj\u0119cia odbywaj\u0105 si\u0119 w systemie wieczorowym.<\/strong><\/p><p>Program nauczania realizowany jest w formie zaj\u0119\u0107 teoretycznych w dobrze wyposa\u017conych pracowniach szkolnych i w Warsztatach Terapii Zaj\u0119ciowej, m.in.: anatomicznej, plastycznej, rze\u017abiarskiej, stolarskiej, gospodarstwa domowego, komputerowej.<br>Zaj\u0119cia praktyczne realizowane s\u0105 w plac\u00f3wkach s\u0142u\u017cby zdrowia lub opieki spo\u0142ecznej oraz w Warsztatach Terapii Zaj\u0119ciowej.<\/p><p><strong>Podczas nauki realizowane s\u0105 przedmioty:<\/strong><\/p><ul><li>Podstawy psychologii i pedagogiki<\/li><li>J\u0119zyk migowy<\/li><li>Zarys anatomii, fizjologii i patologii z elementami pierwszej pomocy<\/li><li>Podstawy terapii zaj\u0119ciowej<\/li><li>Planowanie i organizowanie terapii zaj\u0119ciowej<\/li><li>Prowadzenie terapii zaj\u0119ciowej<\/li><li>Komputerowe wspomaganie dzia\u0142alno\u015bci w ochronie zdrowia<\/li><li>Zaj\u0119cia praktyczne i praktyka zawodowa<\/li><li>Metodyka terapii zaj\u0119ciowej<\/li><li>Monitorowanie i dokumentowanie przebiegu terapii zaj\u0119ciowej<\/li><li>Bezpiecze\u0144stwo i higiena pracy<\/li><li>Diagnozowanie i planowanie terapii zaj\u0119ciowej<\/li><li>J\u0119zyk angielski zawodowy<\/li><\/ul><p>Nauka w szkole ko\u0144czy si\u0119 egzaminem potwierdzaj\u0105cym kwalifikacje w zawodzie oraz uzyskaniem kwalifikacji: \u201e\u015awiadczenie us\u0142ug w zakresie terapii zaj\u0119ciowej\u201d [MS.9].<\/p><p>Absolwent szko\u0142y uzyskuje prawo do zatrudnienia w:<\/p><ul><li>w warsztatach terapii,<\/li><li>domach pomocy spo\u0142ecznej,<\/li><li>klubach seniora,<\/li><li>sanatoriach,<\/li><li>\u015bwietlicach terapeutycznych,<\/li><li>\u015brodowiskowych domach pomocy,<\/li><li>oddzia\u0142ach psychiatrycznych,<\/li><li>zak\u0142adach opieku\u0144czo \u2013 leczniczych i&nbsp;piel\u0119gnacyjno \u2013 opieku\u0144czych.<\/li><\/ul><p>Mog\u0105 r\u00f3wnie\u017c prowadzi\u0107 w\u0142asn\u0105 dzia\u0142alno\u015b\u0107 gospodarcz\u0105.<\/p><p>Sytuacja demograficzna wojew\u00f3dztwa opolskiego wp\u0142ywa na tworzenie nowych plac\u00f3wek opiekuj\u0105cych si\u0119 seniorami, w kt\u00f3rych obok pracownik\u00f3w \u015bwiadcz\u0105cych us\u0142ugi opieku\u0144cze mogliby znale\u017a\u0107 zatrudnienie przyszli absolwenci terapii zaj\u0119ciowej. Ich szczeg\u00f3ln\u0105 rol\u0105 mog\u0142yby by\u0107 dzia\u0142ania wspieraj\u0105ce senior\u00f3w w trzech p\u0142aszczyznach:<\/p><ul><li>Intelektualnej \u2013 uczenie si\u0119 w starszym wieku powinno by\u0107 sposobem na \u017cycie, pozwalaj\u0105cym by\u0107 otwartym wobec innych ludzi i \u015bwiata. Doskonali\u0107 sprawno\u015b\u0107 intelektualn\u0105 mo\u017cna na wiele sposob\u00f3w. Wskazana jest ka\u017cda dzia\u0142alno\u015b\u0107, kt\u00f3ra zmusza do wzmo\u017conego wysi\u0142ku umys\u0142owego.<\/li><li>Aktywno\u015bci fizycznej, gdy\u017c regularne \u0107wiczenia fizyczne s\u0105 potencjalnym czynnikiem zapobiegaj\u0105cym starzeniu si\u0119 oraz wp\u0142ywaj\u0105 pozytywnie na samopoczucie os\u00f3b w&nbsp;podesz\u0142ym wieku.<\/li><li>Emocjonalnej \u2013 nale\u017cy pami\u0119ta\u0107, \u017ce samotno\u015b\u0107 pozostaje potencjalnym czynnikiem ryzyka wyst\u0105pienia depresji i innych chor\u00f3b uk\u0142adu wegetatywnego os\u00f3b w podesz\u0142ym wieku. Dlatego praca w grupach, w kr\u0119gu tych samych ludzi z podobnymi problemami jest nieoceniona.<\/li><\/ul><\/div><\/div><\/div><\/div><\/div><\/div><\/div><\/div>\n","protected":false},"excerpt":{"rendered":"<p>System kszta\u0142cenia stacjonarnyTERAPEUTA ZAJ\u0118CIOWYRola zawodowa terapeuty zaj\u0119ciowego polega na prowadzeniu r\u00f3\u017cnych form terapii zaj\u0119ciowej maj\u0105cych na celu rehabilitacj\u0119 i resocjalizacj\u0119 os\u00f3b z r\u00f3\u017cnymi potrzebami i&nbsp;schorzeniami.Je\u017celi jeste\u015b osob\u0105 otwart\u0105, empatyczn\u0105 i ciep\u0142\u0105 w kontaktach z innymi lud\u017ami oraz posiadasz dar spokoju i cierpliwo\u015bci w codziennej pracy to jest to zaw\u00f3d dla Ciebie! Je\u017celi dodatkowo lubisz \u201eprace [&hellip;]<\/p>\n","protected":false},"author":1,"featured_media":5444,"parent":0,"menu_order":0,"comment_status":"closed","ping_status":"closed","template":"","meta":{"_acf_changed":false,"footnotes":""},"class_list":["post-3315","page","type-page","status-publish","hentry"],"acf":[],"_links":{"self":[{"href":"https:\/\/msz.k-k.pl\/medyk\/wp-json\/wp\/v2\/pages\/3315","targetHints":{"allow":["GET"]}}],"collection":[{"href":"https:\/\/msz.k-k.pl\/medyk\/wp-json\/wp\/v2\/pages"}],"about":[{"href":"https:\/\/msz.k-k.pl\/medyk\/wp-json\/wp\/v2\/types\/page"}],"author":[{"embeddable":true,"href":"https:\/\/msz.k-k.pl\/medyk\/wp-json\/wp\/v2\/users\/1"}],"replies":[{"embeddable":true,"href":"https:\/\/msz.k-k.pl\/medyk\/wp-json\/wp\/v2\/comments?post=3315"}],"version-history":[{"count":3,"href":"https:\/\/msz.k-k.pl\/medyk\/wp-json\/wp\/v2\/pages\/3315\/revisions"}],"predecessor-version":[{"id":5439,"href":"https:\/\/msz.k-k.pl\/medyk\/wp-json\/wp\/v2\/pages\/3315\/revisions\/5439"}],"wp:featuredmedia":[{"embeddable":true,"href":"https:\/\/msz.k-k.pl\/medyk\/wp-json\/wp\/v2\/media\/5444"}],"wp:attachment":[{"href":"https:\/\/msz.k-k.pl\/medyk\/wp-json\/wp\/v2\/media?parent=3315"}],"curies":[{"name":"wp","href":"https:\/\/api.w.org\/{rel}","templated":true}]}}